{"id":54590,"date":"2021-10-29T09:25:00","date_gmt":"2021-10-29T07:25:00","guid":{"rendered":"https:\/\/2022.q-lite.com\/portfolio\/commune-de-ravels\/"},"modified":"2023-01-18T14:12:39","modified_gmt":"2023-01-18T14:12:39","slug":"commune-de-ravels","status":"publish","type":"portfolio","link":"https:\/\/www.q-lite.com\/fr\/portfolio\/commune-de-ravels\/","title":{"rendered":"Commune de Ravels"},"content":{"rendered":"\t\t<div data-elementor-type=\"wp-post\" data-elementor-id=\"54590\" class=\"elementor elementor-54590 elementor-45911\" data-elementor-post-type=\"portfolio\">\n\t\t\t\t\t\t<section class=\"elementor-section elementor-top-section elementor-element elementor-element-aa9ac2b elementor-section-boxed elementor-section-height-default elementor-section-height-default\" data-id=\"aa9ac2b\" data-element_type=\"section\" data-e-type=\"section\">\n\t\t\t\t\t\t<div class=\"elementor-container elementor-column-gap-default\">\n\t\t\t\t\t<div class=\"elementor-column elementor-col-100 elementor-top-column elementor-element elementor-element-2c2329e\" data-id=\"2c2329e\" data-element_type=\"column\" data-e-type=\"column\">\n\t\t\t<div class=\"elementor-widget-wrap elementor-element-populated\">\n\t\t\t\t\t\t<div class=\"elementor-element elementor-element-14f061f elementor-widget elementor-widget-heading\" data-id=\"14f061f\" data-element_type=\"widget\" data-e-type=\"widget\" data-widget_type=\"heading.default\">\n\t\t\t\t<div class=\"elementor-widget-container\">\n\t\t\t\t\t<h1 class=\"elementor-heading-title elementor-size-default\">Ravels mise sur l'\u00e9cran LED mobile<\/h1>\t\t\t\t<\/div>\n\t\t\t\t<\/div>\n\t\t\t\t\t<\/div>\n\t\t<\/div>\n\t\t\t\t\t<\/div>\n\t\t<\/section>\n\t\t\t\t<section class=\"elementor-section elementor-top-section elementor-element elementor-element-289f9fd elementor-section-boxed elementor-section-height-default elementor-section-height-default\" data-id=\"289f9fd\" data-element_type=\"section\" data-e-type=\"section\">\n\t\t\t\t\t\t<div class=\"elementor-container elementor-column-gap-default\">\n\t\t\t\t\t<div class=\"elementor-column elementor-col-50 elementor-top-column elementor-element elementor-element-3008cad\" data-id=\"3008cad\" data-element_type=\"column\" data-e-type=\"column\">\n\t\t\t<div class=\"elementor-widget-wrap elementor-element-populated\">\n\t\t\t\t\t\t<div class=\"elementor-element elementor-element-8710971 elementor-arrows-position-inside elementor-pagination-position-outside elementor-widget elementor-widget-image-carousel\" data-id=\"8710971\" data-element_type=\"widget\" data-e-type=\"widget\" data-settings=\"{&quot;slides_to_show&quot;:&quot;1&quot;,&quot;navigation&quot;:&quot;both&quot;,&quot;autoplay&quot;:&quot;yes&quot;,&quot;pause_on_hover&quot;:&quot;yes&quot;,&quot;pause_on_interaction&quot;:&quot;yes&quot;,&quot;autoplay_speed&quot;:5000,&quot;infinite&quot;:&quot;yes&quot;,&quot;effect&quot;:&quot;slide&quot;,&quot;speed&quot;:500}\" data-widget_type=\"image-carousel.default\">\n\t\t\t\t<div class=\"elementor-widget-container\">\n\t\t\t\t\t\t\t<div class=\"elementor-image-carousel-wrapper swiper\" role=\"region\" aria-roledescription=\"carousel\" aria-label=\"Carrousel d\u2019images\" dir=\"ltr\">\n\t\t\t<div class=\"elementor-image-carousel swiper-wrapper\" aria-live=\"off\">\n\t\t\t\t\t\t\t\t<div class=\"swiper-slide\" role=\"group\" aria-roledescription=\"slide\" aria-label=\"1 sur 3\"><figure class=\"swiper-slide-inner\"><img decoding=\"async\" class=\"swiper-slide-image\" src=\"https:\/\/www.q-lite.com\/wp-content\/uploads\/2021\/10\/Afgesloten-inrit-bij-Van-Raak-in-Poppel-scaled-1-768x432.jpg\" alt=\"Afgesloten-inrit-bij-Van-Raak-in-Poppel\" \/><\/figure><\/div><div class=\"swiper-slide\" role=\"group\" aria-roledescription=\"slide\" aria-label=\"2 sur 3\"><figure class=\"swiper-slide-inner\"><img decoding=\"async\" class=\"swiper-slide-image\" src=\"https:\/\/www.q-lite.com\/wp-content\/uploads\/2021\/10\/QLI_DeWouwer_Ravels_Lowres13-768x512.jpg\" alt=\"QLI_DeWouwer_Ravels_Lowres13\" \/><\/figure><\/div><div class=\"swiper-slide\" role=\"group\" aria-roledescription=\"slide\" aria-label=\"3 sur 3\"><figure class=\"swiper-slide-inner\"><img decoding=\"async\" class=\"swiper-slide-image\" src=\"https:\/\/www.q-lite.com\/wp-content\/uploads\/2021\/10\/QLI_DeWouwer_Ravels_Lowres11-768x512.jpg\" alt=\"QLI_DeWouwer_Ravels_Lowres11\" \/><\/figure><\/div>\t\t\t<\/div>\n\t\t\t\t\t\t\t\t\t\t\t\t<div class=\"elementor-swiper-button elementor-swiper-button-prev\" role=\"button\" tabindex=\"0\">\n\t\t\t\t\t\t<i aria-hidden=\"true\" class=\"eicon-chevron-left\"><\/i>\t\t\t\t\t<\/div>\n\t\t\t\t\t<div class=\"elementor-swiper-button elementor-swiper-button-next\" role=\"button\" tabindex=\"0\">\n\t\t\t\t\t\t<i aria-hidden=\"true\" class=\"eicon-chevron-right\"><\/i>\t\t\t\t\t<\/div>\n\t\t\t\t\n\t\t\t\t\t\t\t\t\t<div class=\"swiper-pagination\"><\/div>\n\t\t\t\t\t\t\t\t\t<\/div>\n\t\t\t\t\t\t<\/div>\n\t\t\t\t<\/div>\n\t\t\t\t\t<\/div>\n\t\t<\/div>\n\t\t\t\t<div class=\"elementor-column elementor-col-50 elementor-top-column elementor-element elementor-element-7700467\" data-id=\"7700467\" data-element_type=\"column\" data-e-type=\"column\">\n\t\t\t<div class=\"elementor-widget-wrap elementor-element-populated\">\n\t\t\t\t\t\t<div class=\"elementor-element elementor-element-f1467c1 elementor-widget elementor-widget-text-editor\" data-id=\"f1467c1\" data-element_type=\"widget\" data-e-type=\"widget\" data-widget_type=\"text-editor.default\">\n\t\t\t\t<div class=\"elementor-widget-container\">\n\t\t\t\t\t\t\t\t\t<p>La commune de Ravels a fait l&rsquo;acquisition en 2021 d&rsquo;un <a href=\"https:\/\/www.q-lite.com\/nl\/oplossingen\/mobiel-led-scherm\/\">\u00e9cran LED ext\u00e9rieur mobile<\/a> pour l&rsquo;utiliser lors d&rsquo;\u00e9v\u00e9nements ou comme \u00e9cran d&rsquo;information d&rsquo;actualit\u00e9 dans les diff\u00e9rentes sous-communes.<\/p>\n<p>Ainsi, les habitants peuvent facilement se tenir inform\u00e9s des activit\u00e9s \u00e0 Ravels et aux alentours.<\/p>\n\t\t\t\t\t\t\t\t<\/div>\n\t\t\t\t<\/div>\n\t\t\t\t\t<\/div>\n\t\t<\/div>\n\t\t\t\t\t<\/div>\n\t\t<\/section>\n\t\t\t\t<section class=\"elementor-section elementor-top-section elementor-element elementor-element-c2e2cbd elementor-section-boxed elementor-section-height-default elementor-section-height-default\" data-id=\"c2e2cbd\" data-element_type=\"section\" data-e-type=\"section\">\n\t\t\t\t\t\t<div class=\"elementor-container elementor-column-gap-default\">\n\t\t\t\t\t<div class=\"elementor-column elementor-col-100 elementor-top-column elementor-element elementor-element-edddc5b\" data-id=\"edddc5b\" data-element_type=\"column\" data-e-type=\"column\">\n\t\t\t<div class=\"elementor-widget-wrap elementor-element-populated\">\n\t\t\t\t\t\t<div class=\"elementor-element elementor-element-9ea2983 elementor-widget elementor-widget-heading\" data-id=\"9ea2983\" data-element_type=\"widget\" data-e-type=\"widget\" data-widget_type=\"heading.default\">\n\t\t\t\t<div class=\"elementor-widget-container\">\n\t\t\t\t\t<h2 class=\"elementor-heading-title elementor-size-default\">Louer ou acheter ?<\/h2>\t\t\t\t<\/div>\n\t\t\t\t<\/div>\n\t\t\t\t<div class=\"elementor-element elementor-element-9474cba elementor-widget elementor-widget-text-editor\" data-id=\"9474cba\" data-element_type=\"widget\" data-e-type=\"widget\" data-widget_type=\"text-editor.default\">\n\t\t\t\t<div class=\"elementor-widget-container\">\n\t\t\t\t\t\t\t\t\t<p>La commune de Ravels et l&rsquo;artisan local (Unizo) s&rsquo;int\u00e9ressent depuis longtemps \u00e0 un \u00e9cran LED comme investissement de la commune pour informer plus rapidement et plus directement la population locale. <\/p>\n<p>Apr\u00e8s avoir lou\u00e9 plusieurs fois un \u00e9cran LED ext\u00e9rieur pour des \u00e9v\u00e9nements ou des situations importantes, telles que la communication sur l&rsquo;\u00e9volution des r\u00e8gles corona, la valeur ajout\u00e9e d&rsquo;un \u00e9cran num\u00e9rique a \u00e9t\u00e9 d\u00e9montr\u00e9e. <\/p>\n<p>Sur les conseils de Q-lite, la commune a opt\u00e9 pour un \u00e9cran <strong>mobile<\/strong>, afin qu&rsquo;il puisse \u00e9galement \u00eatre utilis\u00e9 dans les sous-communes.<\/p>\n\t\t\t\t\t\t\t\t<\/div>\n\t\t\t\t<\/div>\n\t\t\t\t\t<\/div>\n\t\t<\/div>\n\t\t\t\t\t<\/div>\n\t\t<\/section>\n\t\t\t\t<section class=\"elementor-section elementor-top-section elementor-element elementor-element-ce57604 elementor-section-boxed elementor-section-height-default elementor-section-height-default\" data-id=\"ce57604\" data-element_type=\"section\" data-e-type=\"section\">\n\t\t\t\t\t\t<div class=\"elementor-container elementor-column-gap-default\">\n\t\t\t\t\t<div class=\"elementor-column elementor-col-50 elementor-top-column elementor-element elementor-element-bdc3fee\" data-id=\"bdc3fee\" data-element_type=\"column\" data-e-type=\"column\">\n\t\t\t<div class=\"elementor-widget-wrap elementor-element-populated\">\n\t\t\t\t\t\t<div class=\"elementor-element elementor-element-0fb2b02 elementor-widget elementor-widget-heading\" data-id=\"0fb2b02\" data-element_type=\"widget\" data-e-type=\"widget\" data-widget_type=\"heading.default\">\n\t\t\t\t<div class=\"elementor-widget-container\">\n\t\t\t\t\t<h2 class=\"elementor-heading-title elementor-size-default\">Fabrication multifonctionnelle et fine<\/h2>\t\t\t\t<\/div>\n\t\t\t\t<\/div>\n\t\t\t\t<div class=\"elementor-element elementor-element-21cb430 elementor-widget elementor-widget-text-editor\" data-id=\"21cb430\" data-element_type=\"widget\" data-e-type=\"widget\" data-widget_type=\"text-editor.default\">\n\t\t\t\t<div class=\"elementor-widget-container\">\n\t\t\t\t\t\t\t\t\t<p>La <strong>haute qualit\u00e9 d&rsquo;image<\/strong> permet de regarder des matchs de sport ou des films sur l&rsquo;\u00e9cran. Cela peut \u00eatre une fonctionnalit\u00e9 suppl\u00e9mentaire qui s&rsquo;av\u00e8re utile lors de l&rsquo;organisation d&rsquo;\u00e9v\u00e9nements.<\/p>\n<p>En plus d&rsquo;opter pour une qualit\u00e9 d&rsquo;image \u00e9lev\u00e9e, <strong>une attention particuli\u00e8re a<\/strong> <strong>\u00e9galement \u00e9t\u00e9 port\u00e9e \u00e0 la finition<\/strong> de l&rsquo;\u00e9cran. Le logo de la municipalit\u00e9 a \u00e9t\u00e9 ajout\u00e9 sous l&rsquo;\u00e9cran pour une apparence personnelle.<\/p>\n<p>Une finition soign\u00e9e a \u00e9galement \u00e9t\u00e9 choisie au dos de l&rsquo;\u00e9cran LED. De cette fa\u00e7on, il a l&rsquo;air bien de l&rsquo;avant et de l&rsquo;arri\u00e8re.<\/p>\n\t\t\t\t\t\t\t\t<\/div>\n\t\t\t\t<\/div>\n\t\t\t\t\t<\/div>\n\t\t<\/div>\n\t\t\t\t<div class=\"elementor-column elementor-col-50 elementor-top-column elementor-element elementor-element-9b2816a\" data-id=\"9b2816a\" data-element_type=\"column\" data-e-type=\"column\">\n\t\t\t<div class=\"elementor-widget-wrap elementor-element-populated\">\n\t\t\t\t\t\t<div class=\"elementor-element elementor-element-e5a3cdd elementor-arrows-position-inside elementor-pagination-position-outside elementor-widget elementor-widget-image-carousel\" data-id=\"e5a3cdd\" data-element_type=\"widget\" data-e-type=\"widget\" data-settings=\"{&quot;slides_to_show&quot;:&quot;1&quot;,&quot;navigation&quot;:&quot;both&quot;,&quot;autoplay&quot;:&quot;yes&quot;,&quot;pause_on_hover&quot;:&quot;yes&quot;,&quot;pause_on_interaction&quot;:&quot;yes&quot;,&quot;autoplay_speed&quot;:5000,&quot;infinite&quot;:&quot;yes&quot;,&quot;effect&quot;:&quot;slide&quot;,&quot;speed&quot;:500}\" data-widget_type=\"image-carousel.default\">\n\t\t\t\t<div class=\"elementor-widget-container\">\n\t\t\t\t\t\t\t<div class=\"elementor-image-carousel-wrapper swiper\" role=\"region\" aria-roledescription=\"carousel\" aria-label=\"Carrousel d\u2019images\" dir=\"ltr\">\n\t\t\t<div class=\"elementor-image-carousel swiper-wrapper\" aria-live=\"off\">\n\t\t\t\t\t\t\t\t<div class=\"swiper-slide\" role=\"group\" aria-roledescription=\"slide\" aria-label=\"1 sur 2\"><figure class=\"swiper-slide-inner\"><img decoding=\"async\" class=\"swiper-slide-image\" src=\"https:\/\/www.q-lite.com\/wp-content\/uploads\/2021\/10\/QLI_DeWouwer_Ravels_Lowres4-768x512.jpg\" alt=\"QLI_DeWouwer_Ravels_Lowres4\" \/><\/figure><\/div><div class=\"swiper-slide\" role=\"group\" aria-roledescription=\"slide\" aria-label=\"2 sur 2\"><figure class=\"swiper-slide-inner\"><img decoding=\"async\" class=\"swiper-slide-image\" src=\"https:\/\/www.q-lite.com\/wp-content\/uploads\/2021\/10\/QLI_DeWouwer_Ravels_Lowres7-768x512.jpg\" alt=\"QLI_DeWouwer_Ravels_Lowres7\" \/><\/figure><\/div>\t\t\t<\/div>\n\t\t\t\t\t\t\t\t\t\t\t\t<div class=\"elementor-swiper-button elementor-swiper-button-prev\" role=\"button\" tabindex=\"0\">\n\t\t\t\t\t\t<i aria-hidden=\"true\" class=\"eicon-chevron-left\"><\/i>\t\t\t\t\t<\/div>\n\t\t\t\t\t<div class=\"elementor-swiper-button elementor-swiper-button-next\" role=\"button\" tabindex=\"0\">\n\t\t\t\t\t\t<i aria-hidden=\"true\" class=\"eicon-chevron-right\"><\/i>\t\t\t\t\t<\/div>\n\t\t\t\t\n\t\t\t\t\t\t\t\t\t<div class=\"swiper-pagination\"><\/div>\n\t\t\t\t\t\t\t\t\t<\/div>\n\t\t\t\t\t\t<\/div>\n\t\t\t\t<\/div>\n\t\t\t\t\t<\/div>\n\t\t<\/div>\n\t\t\t\t\t<\/div>\n\t\t<\/section>\n\t\t\t\t<section class=\"elementor-section elementor-top-section elementor-element elementor-element-ae3c7a1 elementor-section-boxed elementor-section-height-default elementor-section-height-default\" data-id=\"ae3c7a1\" data-element_type=\"section\" data-e-type=\"section\">\n\t\t\t\t\t\t<div class=\"elementor-container elementor-column-gap-no\">\n\t\t\t\t\t<div class=\"elementor-column elementor-col-100 elementor-top-column elementor-element elementor-element-d214d61\" data-id=\"d214d61\" data-element_type=\"column\" data-e-type=\"column\">\n\t\t\t<div class=\"elementor-widget-wrap elementor-element-populated\">\n\t\t\t\t\t\t<div class=\"elementor-element elementor-element-fcebe70 elementor-widget elementor-widget-template\" data-id=\"fcebe70\" data-element_type=\"widget\" data-e-type=\"widget\" data-widget_type=\"template.default\">\n\t\t\t\t<div class=\"elementor-widget-container\">\n\t\t\t\t\t\t\t<div class=\"elementor-template\">\n\t\t\t\t\t<div data-elementor-type=\"section\" data-elementor-id=\"47508\" class=\"elementor elementor-47508\" data-elementor-post-type=\"elementor_library\">\n\t\t\t\t\t<section class=\"elementor-section elementor-top-section elementor-element elementor-element-1e802814 block-primary dark elementor-section-boxed elementor-section-height-default elementor-section-height-default\" data-id=\"1e802814\" data-element_type=\"section\" data-e-type=\"section\">\n\t\t\t\t\t\t<div class=\"elementor-container elementor-column-gap-default\">\n\t\t\t\t\t<div class=\"elementor-column elementor-col-50 elementor-top-column elementor-element elementor-element-6ff0bdfc\" data-id=\"6ff0bdfc\" data-element_type=\"column\" data-e-type=\"column\">\n\t\t\t<div class=\"elementor-widget-wrap elementor-element-populated\">\n\t\t\t\t\t\t<div class=\"elementor-element elementor-element-746f2d95 elementor-widget elementor-widget-heading\" data-id=\"746f2d95\" data-element_type=\"widget\" data-e-type=\"widget\" data-widget_type=\"heading.default\">\n\t\t\t\t<div class=\"elementor-widget-container\">\n\t\t\t\t\t<h4 class=\"elementor-heading-title elementor-size-default\">Meer info over dit project?<\/h4>\t\t\t\t<\/div>\n\t\t\t\t<\/div>\n\t\t\t\t<div class=\"elementor-element elementor-element-31788920 elementor-widget elementor-widget-text-editor\" data-id=\"31788920\" data-element_type=\"widget\" data-e-type=\"widget\" data-widget_type=\"text-editor.default\">\n\t\t\t\t<div class=\"elementor-widget-container\">\n\t\t\t\t\t\t\t\t\tContacteer onze adviseur:\t\t\t\t\t\t\t\t<\/div>\n\t\t\t\t<\/div>\n\t\t\t\t\t<\/div>\n\t\t<\/div>\n\t\t\t\t<div class=\"elementor-column elementor-col-50 elementor-top-column elementor-element elementor-element-2e69643b\" data-id=\"2e69643b\" data-element_type=\"column\" data-e-type=\"column\">\n\t\t\t<div class=\"elementor-widget-wrap elementor-element-populated\">\n\t\t\t\t\t\t<section class=\"elementor-section elementor-inner-section elementor-element elementor-element-1ca4bb50 elementor-section-boxed elementor-section-height-default elementor-section-height-default\" data-id=\"1ca4bb50\" data-element_type=\"section\" data-e-type=\"section\">\n\t\t\t\t\t\t<div class=\"elementor-container elementor-column-gap-default\">\n\t\t\t\t\t<div class=\"elementor-column elementor-col-50 elementor-inner-column elementor-element elementor-element-387eb0e6\" data-id=\"387eb0e6\" data-element_type=\"column\" data-e-type=\"column\">\n\t\t\t<div class=\"elementor-widget-wrap elementor-element-populated\">\n\t\t\t\t\t\t<div class=\"elementor-element elementor-element-f1b4b35 elementor-widget elementor-widget-image\" data-id=\"f1b4b35\" data-element_type=\"widget\" data-e-type=\"widget\" data-widget_type=\"image.default\">\n\t\t\t\t<div class=\"elementor-widget-container\">\n\t\t\t\t\t\t\t\t\t\t\t\t\t\t\t<img fetchpriority=\"high\" decoding=\"async\" width=\"300\" height=\"300\" src=\"https:\/\/www.q-lite.com\/wp-content\/uploads\/2023\/04\/QLI_Personeelsfotos_09_05_2022_Social-Web21-300x300.jpg\" class=\"attachment-thumbnail size-thumbnail wp-image-57911\" alt=\"Adviseur Job Laurijssen\" srcset=\"https:\/\/www.q-lite.com\/wp-content\/uploads\/2023\/04\/QLI_Personeelsfotos_09_05_2022_Social-Web21-300x300.jpg 300w, https:\/\/www.q-lite.com\/wp-content\/uploads\/2023\/04\/QLI_Personeelsfotos_09_05_2022_Social-Web21-512x512.jpg 512w, https:\/\/www.q-lite.com\/wp-content\/uploads\/2023\/04\/QLI_Personeelsfotos_09_05_2022_Social-Web21-1024x1024.jpg 1024w, https:\/\/www.q-lite.com\/wp-content\/uploads\/2023\/04\/QLI_Personeelsfotos_09_05_2022_Social-Web21-768x768.jpg 768w, https:\/\/www.q-lite.com\/wp-content\/uploads\/2023\/04\/QLI_Personeelsfotos_09_05_2022_Social-Web21-1536x1536.jpg 1536w, https:\/\/www.q-lite.com\/wp-content\/uploads\/2023\/04\/QLI_Personeelsfotos_09_05_2022_Social-Web21-150x150.jpg 150w, https:\/\/www.q-lite.com\/wp-content\/uploads\/2023\/04\/QLI_Personeelsfotos_09_05_2022_Social-Web21.jpg 1920w\" sizes=\"(max-width: 300px) 100vw, 300px\" \/>\t\t\t\t\t\t\t\t\t\t\t\t\t\t\t<\/div>\n\t\t\t\t<\/div>\n\t\t\t\t\t<\/div>\n\t\t<\/div>\n\t\t\t\t<div class=\"elementor-column elementor-col-50 elementor-inner-column elementor-element elementor-element-1cda8e41\" data-id=\"1cda8e41\" data-element_type=\"column\" data-e-type=\"column\">\n\t\t\t<div class=\"elementor-widget-wrap elementor-element-populated\">\n\t\t\t\t\t\t<div class=\"elementor-element elementor-element-4bab392 elementor-widget elementor-widget-text-editor\" data-id=\"4bab392\" data-element_type=\"widget\" data-e-type=\"widget\" data-widget_type=\"text-editor.default\">\n\t\t\t\t<div class=\"elementor-widget-container\">\n\t\t\t\t\t\t\t\t\t<p><strong>Job Laurijssen<\/strong><\/p><p><a href=\"mailto:job.laurijssen@q-lite.com\">job.laurijssen@q-lite.com<\/a><br \/><a href=\"tel:+3214696969\">+32\u00a0498\u00a087\u00a030\u00a021<\/a><\/p>\t\t\t\t\t\t\t\t<\/div>\n\t\t\t\t<\/div>\n\t\t\t\t\t<\/div>\n\t\t<\/div>\n\t\t\t\t\t<\/div>\n\t\t<\/section>\n\t\t\t\t\t<\/div>\n\t\t<\/div>\n\t\t\t\t\t<\/div>\n\t\t<\/section>\n\t\t\t\t<\/div>\n\t\t\t\t<\/div>\n\t\t\t\t\t\t<\/div>\n\t\t\t\t<\/div>\n\t\t\t\t\t<\/div>\n\t\t<\/div>\n\t\t\t\t\t<\/div>\n\t\t<\/section>\n\t\t\t\t<\/div>\n\t\t","protected":false},"author":4,"featured_media":70729,"template":"","tags":[],"markt":[111],"class_list":["post-54590","portfolio","type-portfolio","status-publish","has-post-thumbnail","hentry","markt-villes-et-communes"],"acf":[],"yoast_head":"<!-- This site is optimized with the Yoast SEO plugin v27.1.1 - https:\/\/yoast.com\/product\/yoast-seo-wordpress\/ -->\n<title>Commune de Ravels | Q-lite<\/title>\n<meta name=\"robots\" content=\"index, follow, max-snippet:-1, max-image-preview:large, max-video-preview:-1\" \/>\n<link rel=\"canonical\" href=\"https:\/\/www.q-lite.com\/fr\/portfolio\/commune-de-ravels\/\" \/>\n<meta property=\"og:locale\" content=\"fr_FR\" \/>\n<meta property=\"og:type\" content=\"article\" \/>\n<meta property=\"og:title\" content=\"Commune de Ravels | Q-lite\" \/>\n<meta property=\"og:description\" content=\"Ravels mise sur l&rsquo;\u00e9cran LED mobile Vorige Volgende La commune de Ravels a fait l&rsquo;acquisition en 2021 d&rsquo;un \u00e9cran LED ext\u00e9rieur mobile pour l&rsquo;utiliser lors d&rsquo;\u00e9v\u00e9nements ou comme \u00e9cran d&rsquo;information d&rsquo;actualit\u00e9 dans les diff\u00e9rentes sous-communes. Ainsi, les habitants peuvent facilement se tenir inform\u00e9s des activit\u00e9s \u00e0 Ravels et aux alentours. Louer ou acheter ? La [&hellip;]\" \/>\n<meta property=\"og:url\" content=\"https:\/\/www.q-lite.com\/fr\/portfolio\/commune-de-ravels\/\" \/>\n<meta property=\"og:site_name\" content=\"Q-lite\" \/>\n<meta property=\"article:publisher\" content=\"https:\/\/www.facebook.com\/qlite.led\/\" \/>\n<meta property=\"article:modified_time\" content=\"2023-01-18T14:12:39+00:00\" \/>\n<meta property=\"og:image\" content=\"https:\/\/www.q-lite.com\/wp-content\/uploads\/2024\/07\/Ravels_Mobiel_LED-scherm_lowres_3.jpg\" \/>\n\t<meta property=\"og:image:width\" content=\"1920\" \/>\n\t<meta property=\"og:image:height\" content=\"1440\" \/>\n\t<meta property=\"og:image:type\" content=\"image\/jpeg\" \/>\n<meta name=\"twitter:card\" content=\"summary_large_image\" \/>\n<script type=\"application\/ld+json\" class=\"yoast-schema-graph\">{\"@context\":\"https:\/\/schema.org\",\"@graph\":[{\"@type\":\"WebPage\",\"@id\":\"https:\/\/www.q-lite.com\/fr\/portfolio\/commune-de-ravels\/\",\"url\":\"https:\/\/www.q-lite.com\/fr\/portfolio\/commune-de-ravels\/\",\"name\":\"Commune de Ravels | Q-lite\",\"isPartOf\":{\"@id\":\"https:\/\/www.q-lite.com\/fr\/#website\"},\"primaryImageOfPage\":{\"@id\":\"https:\/\/www.q-lite.com\/fr\/portfolio\/commune-de-ravels\/#primaryimage\"},\"image\":{\"@id\":\"https:\/\/www.q-lite.com\/fr\/portfolio\/commune-de-ravels\/#primaryimage\"},\"thumbnailUrl\":\"https:\/\/www.q-lite.com\/wp-content\/uploads\/2024\/07\/Ravels_Mobiel_LED-scherm_lowres_3.jpg\",\"datePublished\":\"2021-10-29T07:25:00+00:00\",\"dateModified\":\"2023-01-18T14:12:39+00:00\",\"breadcrumb\":{\"@id\":\"https:\/\/www.q-lite.com\/fr\/portfolio\/commune-de-ravels\/#breadcrumb\"},\"inLanguage\":\"fr-FR\",\"potentialAction\":[{\"@type\":\"ReadAction\",\"target\":[\"https:\/\/www.q-lite.com\/fr\/portfolio\/commune-de-ravels\/\"]}]},{\"@type\":\"ImageObject\",\"inLanguage\":\"fr-FR\",\"@id\":\"https:\/\/www.q-lite.com\/fr\/portfolio\/commune-de-ravels\/#primaryimage\",\"url\":\"https:\/\/www.q-lite.com\/wp-content\/uploads\/2024\/07\/Ravels_Mobiel_LED-scherm_lowres_3.jpg\",\"contentUrl\":\"https:\/\/www.q-lite.com\/wp-content\/uploads\/2024\/07\/Ravels_Mobiel_LED-scherm_lowres_3.jpg\",\"width\":1920,\"height\":1440,\"caption\":\"LED Trailer parking Ravels\"},{\"@type\":\"BreadcrumbList\",\"@id\":\"https:\/\/www.q-lite.com\/fr\/portfolio\/commune-de-ravels\/#breadcrumb\",\"itemListElement\":[{\"@type\":\"ListItem\",\"position\":1,\"name\":\"Home\",\"item\":\"https:\/\/www.q-lite.com\/fr\/\"},{\"@type\":\"ListItem\",\"position\":2,\"name\":\"Villes et communes\",\"item\":\"https:\/\/www.q-lite.com\/fr\/secteur\/villes-et-communes\/\"},{\"@type\":\"ListItem\",\"position\":3,\"name\":\"Commune de Ravels\"}]},{\"@type\":\"WebSite\",\"@id\":\"https:\/\/www.q-lite.com\/fr\/#website\",\"url\":\"https:\/\/www.q-lite.com\/fr\/\",\"name\":\"Q-lite\",\"description\":\"The Smartest Kind of Attention\",\"publisher\":{\"@id\":\"https:\/\/www.q-lite.com\/fr\/#organization\"},\"potentialAction\":[{\"@type\":\"SearchAction\",\"target\":{\"@type\":\"EntryPoint\",\"urlTemplate\":\"https:\/\/www.q-lite.com\/fr\/?s={search_term_string}\"},\"query-input\":{\"@type\":\"PropertyValueSpecification\",\"valueRequired\":true,\"valueName\":\"search_term_string\"}}],\"inLanguage\":\"fr-FR\"},{\"@type\":\"Organization\",\"@id\":\"https:\/\/www.q-lite.com\/fr\/#organization\",\"name\":\"Q-lite\",\"url\":\"https:\/\/www.q-lite.com\/fr\/\",\"logo\":{\"@type\":\"ImageObject\",\"inLanguage\":\"fr-FR\",\"@id\":\"https:\/\/www.q-lite.com\/fr\/#\/schema\/logo\/image\/\",\"url\":\"https:\/\/www.q-lite.com\/wp-content\/uploads\/2020\/11\/Q-LITE-LOGO-RGB-background-gradient-baseline.png\",\"contentUrl\":\"https:\/\/www.q-lite.com\/wp-content\/uploads\/2020\/11\/Q-LITE-LOGO-RGB-background-gradient-baseline.png\",\"width\":1200,\"height\":900,\"caption\":\"Q-lite\"},\"image\":{\"@id\":\"https:\/\/www.q-lite.com\/fr\/#\/schema\/logo\/image\/\"},\"sameAs\":[\"https:\/\/www.facebook.com\/qlite.led\/\",\"https:\/\/www.instagram.com\/qlite.led\/\",\"https:\/\/www.linkedin.com\/company\/q-lite\/\",\"https:\/\/www.youtube.com\/@q-lite\"]}]}<\/script>\n<!-- \/ Yoast SEO plugin. -->","yoast_head_json":{"title":"Commune de Ravels | Q-lite","robots":{"index":"index","follow":"follow","max-snippet":"max-snippet:-1","max-image-preview":"max-image-preview:large","max-video-preview":"max-video-preview:-1"},"canonical":"https:\/\/www.q-lite.com\/fr\/portfolio\/commune-de-ravels\/","og_locale":"fr_FR","og_type":"article","og_title":"Commune de Ravels | Q-lite","og_description":"Ravels mise sur l&rsquo;\u00e9cran LED mobile Vorige Volgende La commune de Ravels a fait l&rsquo;acquisition en 2021 d&rsquo;un \u00e9cran LED ext\u00e9rieur mobile pour l&rsquo;utiliser lors d&rsquo;\u00e9v\u00e9nements ou comme \u00e9cran d&rsquo;information d&rsquo;actualit\u00e9 dans les diff\u00e9rentes sous-communes. Ainsi, les habitants peuvent facilement se tenir inform\u00e9s des activit\u00e9s \u00e0 Ravels et aux alentours. Louer ou acheter ? La [&hellip;]","og_url":"https:\/\/www.q-lite.com\/fr\/portfolio\/commune-de-ravels\/","og_site_name":"Q-lite","article_publisher":"https:\/\/www.facebook.com\/qlite.led\/","article_modified_time":"2023-01-18T14:12:39+00:00","og_image":[{"width":1920,"height":1440,"url":"https:\/\/www.q-lite.com\/wp-content\/uploads\/2024\/07\/Ravels_Mobiel_LED-scherm_lowres_3.jpg","type":"image\/jpeg"}],"twitter_card":"summary_large_image","schema":{"@context":"https:\/\/schema.org","@graph":[{"@type":"WebPage","@id":"https:\/\/www.q-lite.com\/fr\/portfolio\/commune-de-ravels\/","url":"https:\/\/www.q-lite.com\/fr\/portfolio\/commune-de-ravels\/","name":"Commune de Ravels | Q-lite","isPartOf":{"@id":"https:\/\/www.q-lite.com\/fr\/#website"},"primaryImageOfPage":{"@id":"https:\/\/www.q-lite.com\/fr\/portfolio\/commune-de-ravels\/#primaryimage"},"image":{"@id":"https:\/\/www.q-lite.com\/fr\/portfolio\/commune-de-ravels\/#primaryimage"},"thumbnailUrl":"https:\/\/www.q-lite.com\/wp-content\/uploads\/2024\/07\/Ravels_Mobiel_LED-scherm_lowres_3.jpg","datePublished":"2021-10-29T07:25:00+00:00","dateModified":"2023-01-18T14:12:39+00:00","breadcrumb":{"@id":"https:\/\/www.q-lite.com\/fr\/portfolio\/commune-de-ravels\/#breadcrumb"},"inLanguage":"fr-FR","potentialAction":[{"@type":"ReadAction","target":["https:\/\/www.q-lite.com\/fr\/portfolio\/commune-de-ravels\/"]}]},{"@type":"ImageObject","inLanguage":"fr-FR","@id":"https:\/\/www.q-lite.com\/fr\/portfolio\/commune-de-ravels\/#primaryimage","url":"https:\/\/www.q-lite.com\/wp-content\/uploads\/2024\/07\/Ravels_Mobiel_LED-scherm_lowres_3.jpg","contentUrl":"https:\/\/www.q-lite.com\/wp-content\/uploads\/2024\/07\/Ravels_Mobiel_LED-scherm_lowres_3.jpg","width":1920,"height":1440,"caption":"LED Trailer parking Ravels"},{"@type":"BreadcrumbList","@id":"https:\/\/www.q-lite.com\/fr\/portfolio\/commune-de-ravels\/#breadcrumb","itemListElement":[{"@type":"ListItem","position":1,"name":"Home","item":"https:\/\/www.q-lite.com\/fr\/"},{"@type":"ListItem","position":2,"name":"Villes et communes","item":"https:\/\/www.q-lite.com\/fr\/secteur\/villes-et-communes\/"},{"@type":"ListItem","position":3,"name":"Commune de Ravels"}]},{"@type":"WebSite","@id":"https:\/\/www.q-lite.com\/fr\/#website","url":"https:\/\/www.q-lite.com\/fr\/","name":"Q-lite","description":"The Smartest Kind of Attention","publisher":{"@id":"https:\/\/www.q-lite.com\/fr\/#organization"},"potentialAction":[{"@type":"SearchAction","target":{"@type":"EntryPoint","urlTemplate":"https:\/\/www.q-lite.com\/fr\/?s={search_term_string}"},"query-input":{"@type":"PropertyValueSpecification","valueRequired":true,"valueName":"search_term_string"}}],"inLanguage":"fr-FR"},{"@type":"Organization","@id":"https:\/\/www.q-lite.com\/fr\/#organization","name":"Q-lite","url":"https:\/\/www.q-lite.com\/fr\/","logo":{"@type":"ImageObject","inLanguage":"fr-FR","@id":"https:\/\/www.q-lite.com\/fr\/#\/schema\/logo\/image\/","url":"https:\/\/www.q-lite.com\/wp-content\/uploads\/2020\/11\/Q-LITE-LOGO-RGB-background-gradient-baseline.png","contentUrl":"https:\/\/www.q-lite.com\/wp-content\/uploads\/2020\/11\/Q-LITE-LOGO-RGB-background-gradient-baseline.png","width":1200,"height":900,"caption":"Q-lite"},"image":{"@id":"https:\/\/www.q-lite.com\/fr\/#\/schema\/logo\/image\/"},"sameAs":["https:\/\/www.facebook.com\/qlite.led\/","https:\/\/www.instagram.com\/qlite.led\/","https:\/\/www.linkedin.com\/company\/q-lite\/","https:\/\/www.youtube.com\/@q-lite"]}]}},"_links":{"self":[{"href":"https:\/\/www.q-lite.com\/fr\/wp-json\/wp\/v2\/portfolio\/54590","targetHints":{"allow":["GET"]}}],"collection":[{"href":"https:\/\/www.q-lite.com\/fr\/wp-json\/wp\/v2\/portfolio"}],"about":[{"href":"https:\/\/www.q-lite.com\/fr\/wp-json\/wp\/v2\/types\/portfolio"}],"author":[{"embeddable":true,"href":"https:\/\/www.q-lite.com\/fr\/wp-json\/wp\/v2\/users\/4"}],"version-history":[{"count":0,"href":"https:\/\/www.q-lite.com\/fr\/wp-json\/wp\/v2\/portfolio\/54590\/revisions"}],"wp:featuredmedia":[{"embeddable":true,"href":"https:\/\/www.q-lite.com\/fr\/wp-json\/wp\/v2\/media\/70729"}],"wp:attachment":[{"href":"https:\/\/www.q-lite.com\/fr\/wp-json\/wp\/v2\/media?parent=54590"}],"wp:term":[{"taxonomy":"post_tag","embeddable":true,"href":"https:\/\/www.q-lite.com\/fr\/wp-json\/wp\/v2\/tags?post=54590"},{"taxonomy":"markt","embeddable":true,"href":"https:\/\/www.q-lite.com\/fr\/wp-json\/wp\/v2\/markt?post=54590"}],"curies":[{"name":"wp","href":"https:\/\/api.w.org\/{rel}","templated":true}]}}